{"id":15,"date":"2020-01-30T10:32:55","date_gmt":"2020-01-30T10:32:55","guid":{"rendered":"http:\/\/jardinerieduvallon.ch\/wordpress\/?page_id=15"},"modified":"2026-08-15T14:31:42","modified_gmt":"2026-08-15T14:31:42","slug":"a-propos-histoire-cabaons-plantes-decorations","status":"publish","type":"page","link":"https:\/\/jardinerieduvallon.ch\/wordpress\/index.php\/a-propos-histoire-cabaons-plantes-decorations\/","title":{"rendered":"A PROPOS"},"content":{"rendered":"\n<p class=\"has-cyan-bluish-gray-color has-text-color has-link-color wp-elements-b7ac7ac76036506ada0d626b8bcec30b\">Notre histoire<\/p>\n\n\n\n<p><strong>La Jardinerie du Vallon<\/strong>, c\u2019est avant tout une histoire de passion, de rencontres et de transmission.<\/p>\n\n\n\n<p>Cr\u00e9\u00e9e en&nbsp;<strong>2009<\/strong>, la Jardinerie du Vallon a su, au fil des ann\u00e9es, construire son identit\u00e9 et devenir un lieu \u00e0 part, appr\u00e9ci\u00e9 pour son atmosph\u00e8re chaleureuse, ses plantes, ses d\u00e9corations et son caract\u00e8re unique et atypique.<\/p>\n\n\n\n<p>En&nbsp;<strong>avril 2024<\/strong>, j\u2019ai eu la chance de reprendre les r\u00eanes de cette belle aventure.<\/p>\n\n\n\n<p>Apr\u00e8s pr\u00e8s de&nbsp;<strong>trois d\u00e9cennies dans le monde de l\u2019horlogerie<\/strong>, j\u2019ai ressenti le besoin profond d\u2019un changement de vie, de retrouver davantage de sens, de cr\u00e9ativit\u00e9 et de contact humain. Alors, lorsque j\u2019ai appris que la Jardinerie du Vallon \u00e9tait \u00e0 vendre, je n\u2019ai pas r\u00e9fl\u00e9chi \u00e0 deux fois :&nbsp;<strong>c\u2019\u00e9tait une \u00e9vidence.<\/strong><\/p>\n\n\n\n<p>Aujourd\u2019hui, je souhaite faire vivre ce lieu dans la continuit\u00e9 de son histoire, tout en y apportant&nbsp;<strong>ma personnalit\u00e9, mes envies et ma vision<\/strong>.<\/p>\n\n\n\n<p>J\u2019aime d\u00e9nicher de nouvelles plantes, imaginer des d\u00e9corations, cr\u00e9er des ambiances et surtout partir \u00e0 la rencontre de nos fournisseurs, principalement aux&nbsp;<strong>Pays-Bas et \u00e0 travers l\u2019Europe<\/strong>, pour vous proposer des produits qui sortent de l\u2019ordinaire.<\/p>\n\n\n\n<p>Mais la Jardinerie du Vallon, pour moi, ne se r\u00e9sume pas aux plantes et \u00e0 la d\u00e9coration. C\u2019est aussi un&nbsp;<strong>lieu de vie et de partage<\/strong>, un endroit o\u00f9 l\u2019on vient fl\u00e2ner, d\u00e9couvrir, \u00e9changer et prendre le temps.<\/p>\n\n\n\n<p>Mon envie est aujourd\u2019hui d\u2019exploiter pleinement le potentiel de ce lieu unique en cr\u00e9ant des rendez-vous qui rassemblent et qui font vivre la jardinerie autrement :&nbsp;<strong>les Jardredis, le JardiBrunch, le March\u00e9 de No\u00ebl<\/strong>&nbsp;et bien d\u2019autres \u00e9v\u00e9nements \u00e0 venir.<\/p>\n\n\n\n<p>Pr\u00e9server l\u2019<strong>esprit d\u2019origine<\/strong>, tout en \u00e9crivant une nouvelle page de l\u2019histoire de la Jardinerie du Vallon : voil\u00e0 le d\u00e9fi qui m\u2019anime chaque jour.<\/p>\n\n\n\n<p><strong>Bienvenue chez nous, dans un lieu o\u00f9 les plantes, la d\u00e9coration, les id\u00e9es et les rencontres fleurissent au fil des saisons.<\/strong><\/p>\n\n\n\n<p class=\"has-cyan-bluish-gray-color has-text-color has-link-color wp-elements-6f41858b2b0d55528a4802494d12c2c0\">Barbara &amp; Famille<\/p>\n\n\n\n<figure class=\"wp-block-image size-large\"><img fetchpriority=\"high\" decoding=\"async\" width=\"1024\" height=\"683\" src=\"https:\/\/jardinerieduvallon.ch\/wordpress\/wp-content\/uploads\/2026\/08\/DSC03536-1024x683.jpg\" alt=\"\" class=\"wp-image-798\" srcset=\"https:\/\/jardinerieduvallon.ch\/wordpress\/wp-content\/uploads\/2026\/08\/DSC03536-1024x683.jpg 1024w, https:\/\/jardinerieduvallon.ch\/wordpress\/wp-content\/uploads\/2026\/08\/DSC03536-300x200.jpg 300w, https:\/\/jardinerieduvallon.ch\/wordpress\/wp-content\/uploads\/2026\/08\/DSC03536-768x512.jpg 768w, https:\/\/jardinerieduvallon.ch\/wordpress\/wp-content\/uploads\/2026\/08\/DSC03536-1536x1024.jpg 1536w, https:\/\/jardinerieduvallon.ch\/wordpress\/wp-content\/uploads\/2026\/08\/DSC03536-2048x1365.jpg 2048w\" sizes=\"(max-width: 767px) 89vw, (max-width: 1000px) 54vw, (max-width: 1071px) 543px, 580px\" \/><\/figure>\n\n\n\n<figure class=\"wp-block-image size-large is-resized\"><img decoding=\"async\" width=\"1024\" height=\"512\" src=\"https:\/\/jardinerieduvallon.ch\/wordpress\/wp-content\/uploads\/2024\/08\/Logo-Jdv-1024x512.jpg\" alt=\"\" class=\"wp-image-364\" style=\"width:466px;height:auto\"\/><\/figure>\n\n\n\n<p><\/p>\n","protected":false},"excerpt":{"rendered":"<p>Notre histoire La Jardinerie du Vallon, c\u2019est avant tout une histoire de passion, de rencontres et de transmission. Cr\u00e9\u00e9e en&nbsp;2009, la Jardinerie du Vallon a su, au fil des ann\u00e9es, construire son identit\u00e9 et devenir un lieu \u00e0 part, appr\u00e9ci\u00e9 pour son atmosph\u00e8re chaleureuse, ses plantes, ses d\u00e9corations et son caract\u00e8re unique et atypique. En&nbsp;avril &hellip; <\/p>\n<p class=\"link-more\"><a href=\"https:\/\/jardinerieduvallon.ch\/wordpress\/index.php\/a-propos-histoire-cabaons-plantes-decorations\/\" class=\"more-link\">Continuer la lecture<span class=\"screen-reader-text\"> de &laquo;&nbsp;A PROPOS&nbsp;&raquo;<\/span><\/a><\/p>\n","protected":false},"author":1,"featured_media":411,"parent":0,"menu_order":0,"comment_status":"closed","ping_status":"closed","template":"","meta":{"_monsterinsights_skip_tracking":false,"_monsterinsights_sitenote_active":false,"_monsterinsights_sitenote_note":"","_monsterinsights_sitenote_category":0,"footnotes":""},"class_list":["post-15","page","type-page","status-publish","has-post-thumbnail","hentry"],"yoast_head":"<!-- This site is optimized with the Yoast SEO plugin v23.2 - https:\/\/yoast.com\/wordpress\/plugins\/seo\/ -->\n<title>A PROPOS -<\/title>\n<meta name=\"description\" content=\"L&#039;histoire de la Jardinerie, ce lieu attypique vu par Barbara. Les univers de chaque cabanon avec ses d\u00e9corations, ses plantes et ses arbres.\" \/>\n<meta name=\"robots\" content=\"index, follow, max-snippet:-1, max-image-preview:large, max-video-preview:-1\" \/>\n<link rel=\"canonical\" href=\"https:\/\/jardinerieduvallon.ch\/wordpress\/index.php\/a-propos-histoire-cabaons-plantes-decorations\/\" \/>\n<meta property=\"og:locale\" content=\"fr_FR\" \/>\n<meta property=\"og:type\" content=\"article\" \/>\n<meta property=\"og:title\" content=\"A PROPOS -\" \/>\n<meta property=\"og:description\" content=\"L&#039;histoire de la Jardinerie, ce lieu attypique vu par Barbara. Les univers de chaque cabanon avec ses d\u00e9corations, ses plantes et ses arbres.\" \/>\n<meta property=\"og:url\" content=\"https:\/\/jardinerieduvallon.ch\/wordpress\/index.php\/a-propos-histoire-cabaons-plantes-decorations\/\" \/>\n<meta property=\"article:modified_time\" content=\"2026-08-15T14:31:42+00:00\" \/>\n<meta property=\"og:image\" content=\"https:\/\/jardinerieduvallon.ch\/wordpress\/wp-content\/uploads\/2024\/08\/Capture-decran-2024-08-20-145023-e1724242585531.png\" \/>\n\t<meta property=\"og:image:width\" content=\"500\" \/>\n\t<meta property=\"og:image:height\" content=\"347\" \/>\n\t<meta property=\"og:image:type\" content=\"image\/png\" \/>\n<meta name=\"twitter:card\" content=\"summary_large_image\" \/>\n<meta name=\"twitter:label1\" content=\"Dur\u00e9e de lecture estim\u00e9e\" \/>\n\t<meta name=\"twitter:data1\" content=\"3 minutes\" \/>\n<script type=\"application\/ld+json\" class=\"yoast-schema-graph\">{\"@context\":\"https:\/\/schema.org\",\"@graph\":[{\"@type\":[\"WebPage\",\"AboutPage\"],\"@id\":\"https:\/\/jardinerieduvallon.ch\/wordpress\/index.php\/a-propos-histoire-cabaons-plantes-decorations\/\",\"url\":\"https:\/\/jardinerieduvallon.ch\/wordpress\/index.php\/a-propos-histoire-cabaons-plantes-decorations\/\",\"name\":\"A PROPOS -\",\"isPartOf\":{\"@id\":\"https:\/\/jardinerieduvallon.ch\/wordpress\/#website\"},\"primaryImageOfPage\":{\"@id\":\"https:\/\/jardinerieduvallon.ch\/wordpress\/index.php\/a-propos-histoire-cabaons-plantes-decorations\/#primaryimage\"},\"image\":{\"@id\":\"https:\/\/jardinerieduvallon.ch\/wordpress\/index.php\/a-propos-histoire-cabaons-plantes-decorations\/#primaryimage\"},\"thumbnailUrl\":\"https:\/\/jardinerieduvallon.ch\/wordpress\/wp-content\/uploads\/2024\/08\/Capture-decran-2024-08-20-145023-e1724242585531.png\",\"datePublished\":\"2020-01-30T10:32:55+00:00\",\"dateModified\":\"2026-08-15T14:31:42+00:00\",\"description\":\"L'histoire de la Jardinerie, ce lieu attypique vu par Barbara. Les univers de chaque cabanon avec ses d\u00e9corations, ses plantes et ses arbres.\",\"breadcrumb\":{\"@id\":\"https:\/\/jardinerieduvallon.ch\/wordpress\/index.php\/a-propos-histoire-cabaons-plantes-decorations\/#breadcrumb\"},\"inLanguage\":\"fr-FR\",\"potentialAction\":[{\"@type\":\"ReadAction\",\"target\":[\"https:\/\/jardinerieduvallon.ch\/wordpress\/index.php\/a-propos-histoire-cabaons-plantes-decorations\/\"]}]},{\"@type\":\"ImageObject\",\"inLanguage\":\"fr-FR\",\"@id\":\"https:\/\/jardinerieduvallon.ch\/wordpress\/index.php\/a-propos-histoire-cabaons-plantes-decorations\/#primaryimage\",\"url\":\"https:\/\/jardinerieduvallon.ch\/wordpress\/wp-content\/uploads\/2024\/08\/Capture-decran-2024-08-20-145023-e1724242585531.png\",\"contentUrl\":\"https:\/\/jardinerieduvallon.ch\/wordpress\/wp-content\/uploads\/2024\/08\/Capture-decran-2024-08-20-145023-e1724242585531.png\",\"width\":500,\"height\":347},{\"@type\":\"BreadcrumbList\",\"@id\":\"https:\/\/jardinerieduvallon.ch\/wordpress\/index.php\/a-propos-histoire-cabaons-plantes-decorations\/#breadcrumb\",\"itemListElement\":[{\"@type\":\"ListItem\",\"position\":1,\"name\":\"Home\",\"item\":\"https:\/\/jardinerieduvallon.ch\/wordpress\/\"},{\"@type\":\"ListItem\",\"position\":2,\"name\":\"A PROPOS\"}]},{\"@type\":\"WebSite\",\"@id\":\"https:\/\/jardinerieduvallon.ch\/wordpress\/#website\",\"url\":\"https:\/\/jardinerieduvallon.ch\/wordpress\/\",\"name\":\"\",\"description\":\"\",\"potentialAction\":[{\"@type\":\"SearchAction\",\"target\":{\"@type\":\"EntryPoint\",\"urlTemplate\":\"https:\/\/jardinerieduvallon.ch\/wordpress\/?s={search_term_string}\"},\"query-input\":\"required name=search_term_string\"}],\"inLanguage\":\"fr-FR\"},{\"@type\":\"Person\",\"@id\":\"https:\/\/jardinerieduvallon.ch\/wordpress\/#\/schema\/person\/ef5b1e64ca789901cb0068598f9ef08e\",\"name\":\"admin\",\"image\":{\"@type\":\"ImageObject\",\"inLanguage\":\"fr-FR\",\"@id\":\"https:\/\/jardinerieduvallon.ch\/wordpress\/#\/schema\/person\/image\/\",\"url\":\"https:\/\/secure.gravatar.com\/avatar\/b2af100909a998633fa6add236b3678c7cc6b74e8b9f40b76c0f94db6551b8c3?s=96&d=mm&r=g\",\"contentUrl\":\"https:\/\/secure.gravatar.com\/avatar\/b2af100909a998633fa6add236b3678c7cc6b74e8b9f40b76c0f94db6551b8c3?s=96&d=mm&r=g\",\"caption\":\"admin\"},\"url\":\"https:\/\/jardinerieduvallon.ch\/wordpress\/index.php\/author\/jvdeco\/\"}]}<\/script>\n<!-- \/ Yoast SEO plugin. -->","yoast_head_json":{"title":"A PROPOS -","description":"L'histoire de la Jardinerie, ce lieu attypique vu par Barbara. Les univers de chaque cabanon avec ses d\u00e9corations, ses plantes et ses arbres.","robots":{"index":"index","follow":"follow","max-snippet":"max-snippet:-1","max-image-preview":"max-image-preview:large","max-video-preview":"max-video-preview:-1"},"canonical":"https:\/\/jardinerieduvallon.ch\/wordpress\/index.php\/a-propos-histoire-cabaons-plantes-decorations\/","og_locale":"fr_FR","og_type":"article","og_title":"A PROPOS -","og_description":"L'histoire de la Jardinerie, ce lieu attypique vu par Barbara. Les univers de chaque cabanon avec ses d\u00e9corations, ses plantes et ses arbres.","og_url":"https:\/\/jardinerieduvallon.ch\/wordpress\/index.php\/a-propos-histoire-cabaons-plantes-decorations\/","article_modified_time":"2026-08-15T14:31:42+00:00","og_image":[{"width":500,"height":347,"url":"https:\/\/jardinerieduvallon.ch\/wordpress\/wp-content\/uploads\/2024\/08\/Capture-decran-2024-08-20-145023-e1724242585531.png","type":"image\/png"}],"twitter_card":"summary_large_image","twitter_misc":{"Dur\u00e9e de lecture estim\u00e9e":"3 minutes"},"schema":{"@context":"https:\/\/schema.org","@graph":[{"@type":["WebPage","AboutPage"],"@id":"https:\/\/jardinerieduvallon.ch\/wordpress\/index.php\/a-propos-histoire-cabaons-plantes-decorations\/","url":"https:\/\/jardinerieduvallon.ch\/wordpress\/index.php\/a-propos-histoire-cabaons-plantes-decorations\/","name":"A PROPOS -","isPartOf":{"@id":"https:\/\/jardinerieduvallon.ch\/wordpress\/#website"},"primaryImageOfPage":{"@id":"https:\/\/jardinerieduvallon.ch\/wordpress\/index.php\/a-propos-histoire-cabaons-plantes-decorations\/#primaryimage"},"image":{"@id":"https:\/\/jardinerieduvallon.ch\/wordpress\/index.php\/a-propos-histoire-cabaons-plantes-decorations\/#primaryimage"},"thumbnailUrl":"https:\/\/jardinerieduvallon.ch\/wordpress\/wp-content\/uploads\/2024\/08\/Capture-decran-2024-08-20-145023-e1724242585531.png","datePublished":"2020-01-30T10:32:55+00:00","dateModified":"2026-08-15T14:31:42+00:00","description":"L'histoire de la Jardinerie, ce lieu attypique vu par Barbara. Les univers de chaque cabanon avec ses d\u00e9corations, ses plantes et ses arbres.","breadcrumb":{"@id":"https:\/\/jardinerieduvallon.ch\/wordpress\/index.php\/a-propos-histoire-cabaons-plantes-decorations\/#breadcrumb"},"inLanguage":"fr-FR","potentialAction":[{"@type":"ReadAction","target":["https:\/\/jardinerieduvallon.ch\/wordpress\/index.php\/a-propos-histoire-cabaons-plantes-decorations\/"]}]},{"@type":"ImageObject","inLanguage":"fr-FR","@id":"https:\/\/jardinerieduvallon.ch\/wordpress\/index.php\/a-propos-histoire-cabaons-plantes-decorations\/#primaryimage","url":"https:\/\/jardinerieduvallon.ch\/wordpress\/wp-content\/uploads\/2024\/08\/Capture-decran-2024-08-20-145023-e1724242585531.png","contentUrl":"https:\/\/jardinerieduvallon.ch\/wordpress\/wp-content\/uploads\/2024\/08\/Capture-decran-2024-08-20-145023-e1724242585531.png","width":500,"height":347},{"@type":"BreadcrumbList","@id":"https:\/\/jardinerieduvallon.ch\/wordpress\/index.php\/a-propos-histoire-cabaons-plantes-decorations\/#breadcrumb","itemListElement":[{"@type":"ListItem","position":1,"name":"Home","item":"https:\/\/jardinerieduvallon.ch\/wordpress\/"},{"@type":"ListItem","position":2,"name":"A PROPOS"}]},{"@type":"WebSite","@id":"https:\/\/jardinerieduvallon.ch\/wordpress\/#website","url":"https:\/\/jardinerieduvallon.ch\/wordpress\/","name":"","description":"","potentialAction":[{"@type":"SearchAction","target":{"@type":"EntryPoint","urlTemplate":"https:\/\/jardinerieduvallon.ch\/wordpress\/?s={search_term_string}"},"query-input":"required name=search_term_string"}],"inLanguage":"fr-FR"},{"@type":"Person","@id":"https:\/\/jardinerieduvallon.ch\/wordpress\/#\/schema\/person\/ef5b1e64ca789901cb0068598f9ef08e","name":"admin","image":{"@type":"ImageObject","inLanguage":"fr-FR","@id":"https:\/\/jardinerieduvallon.ch\/wordpress\/#\/schema\/person\/image\/","url":"https:\/\/secure.gravatar.com\/avatar\/b2af100909a998633fa6add236b3678c7cc6b74e8b9f40b76c0f94db6551b8c3?s=96&d=mm&r=g","contentUrl":"https:\/\/secure.gravatar.com\/avatar\/b2af100909a998633fa6add236b3678c7cc6b74e8b9f40b76c0f94db6551b8c3?s=96&d=mm&r=g","caption":"admin"},"url":"https:\/\/jardinerieduvallon.ch\/wordpress\/index.php\/author\/jvdeco\/"}]}},"_links":{"self":[{"href":"https:\/\/jardinerieduvallon.ch\/wordpress\/index.php\/wp-json\/wp\/v2\/pages\/15","targetHints":{"allow":["GET"]}}],"collection":[{"href":"https:\/\/jardinerieduvallon.ch\/wordpress\/index.php\/wp-json\/wp\/v2\/pages"}],"about":[{"href":"https:\/\/jardinerieduvallon.ch\/wordpress\/index.php\/wp-json\/wp\/v2\/types\/page"}],"author":[{"embeddable":true,"href":"https:\/\/jardinerieduvallon.ch\/wordpress\/index.php\/wp-json\/wp\/v2\/users\/1"}],"replies":[{"embeddable":true,"href":"https:\/\/jardinerieduvallon.ch\/wordpress\/index.php\/wp-json\/wp\/v2\/comments?post=15"}],"version-history":[{"count":17,"href":"https:\/\/jardinerieduvallon.ch\/wordpress\/index.php\/wp-json\/wp\/v2\/pages\/15\/revisions"}],"predecessor-version":[{"id":799,"href":"https:\/\/jardinerieduvallon.ch\/wordpress\/index.php\/wp-json\/wp\/v2\/pages\/15\/revisions\/799"}],"wp:featuredmedia":[{"embeddable":true,"href":"https:\/\/jardinerieduvallon.ch\/wordpress\/index.php\/wp-json\/wp\/v2\/media\/411"}],"wp:attachment":[{"href":"https:\/\/jardinerieduvallon.ch\/wordpress\/index.php\/wp-json\/wp\/v2\/media?parent=15"}],"curies":[{"name":"wp","href":"https:\/\/api.w.org\/{rel}","templated":true}]}}