{"id":16,"date":"2020-01-30T10:32:55","date_gmt":"2020-01-30T10:32:55","guid":{"rendered":"http:\/\/jardinerieduvallon.ch\/wordpress\/?page_id=16"},"modified":"2026-08-22T08:01:41","modified_gmt":"2026-08-22T08:01:41","slug":"cabanons-de-jardin-lugarde","status":"publish","type":"page","link":"https:\/\/jardinerieduvallon.ch\/wordpress\/index.php\/cabanons-de-jardin-lugarde\/","title":{"rendered":"FAITES DE VOTRE JARDIN UN NOUVEL ESPACE DE VIE GR\u00c2CE \u00c0 NOS PAVILLONS DE JARDIN &#8211; LUGARDE"},"content":{"rendered":"\n<figure class=\"wp-block-image size-large\"><img fetchpriority=\"high\" decoding=\"async\" width=\"819\" height=\"1024\" src=\"https:\/\/jardinerieduvallon.ch\/wordpress\/wp-content\/uploads\/2026\/07\/1-1-819x1024.png\" alt=\"\" class=\"wp-image-771\" srcset=\"https:\/\/jardinerieduvallon.ch\/wordpress\/wp-content\/uploads\/2026\/07\/1-1-819x1024.png 819w, https:\/\/jardinerieduvallon.ch\/wordpress\/wp-content\/uploads\/2026\/07\/1-1-240x300.png 240w, https:\/\/jardinerieduvallon.ch\/wordpress\/wp-content\/uploads\/2026\/07\/1-1-768x960.png 768w, https:\/\/jardinerieduvallon.ch\/wordpress\/wp-content\/uploads\/2026\/07\/1-1.png 1080w\" sizes=\"(max-width: 767px) 89vw, (max-width: 1000px) 54vw, (max-width: 1071px) 543px, 580px\" \/><\/figure>\n\n\n\n<figure class=\"wp-block-image size-large\"><a href=\"https:\/\/lugarde.com\/de\"><img decoding=\"async\" width=\"819\" height=\"1024\" src=\"https:\/\/jardinerieduvallon.ch\/wordpress\/wp-content\/uploads\/2026\/07\/2-3-819x1024.png\" alt=\"\" class=\"wp-image-776\" srcset=\"https:\/\/jardinerieduvallon.ch\/wordpress\/wp-content\/uploads\/2026\/07\/2-3-819x1024.png 819w, https:\/\/jardinerieduvallon.ch\/wordpress\/wp-content\/uploads\/2026\/07\/2-3-240x300.png 240w, https:\/\/jardinerieduvallon.ch\/wordpress\/wp-content\/uploads\/2026\/07\/2-3-768x960.png 768w, https:\/\/jardinerieduvallon.ch\/wordpress\/wp-content\/uploads\/2026\/07\/2-3.png 1080w\" sizes=\"(max-width: 767px) 89vw, (max-width: 1000px) 54vw, (max-width: 1071px) 543px, 580px\" \/><\/a><\/figure>\n\n\n\n<figure class=\"wp-block-image size-large\"><a href=\"https:\/\/lugarde-konfigurator.de\"><img decoding=\"async\" width=\"819\" height=\"1024\" src=\"https:\/\/jardinerieduvallon.ch\/wordpress\/wp-content\/uploads\/2026\/07\/3-819x1024.png\" alt=\"\" class=\"wp-image-773\" srcset=\"https:\/\/jardinerieduvallon.ch\/wordpress\/wp-content\/uploads\/2026\/07\/3-819x1024.png 819w, https:\/\/jardinerieduvallon.ch\/wordpress\/wp-content\/uploads\/2026\/07\/3-240x300.png 240w, https:\/\/jardinerieduvallon.ch\/wordpress\/wp-content\/uploads\/2026\/07\/3-768x960.png 768w, https:\/\/jardinerieduvallon.ch\/wordpress\/wp-content\/uploads\/2026\/07\/3.png 1080w\" sizes=\"(max-width: 767px) 89vw, (max-width: 1000px) 54vw, (max-width: 1071px) 543px, 580px\" \/><\/a><\/figure>\n\n\n\n<div class=\"wp-block-cover\"><img loading=\"lazy\" decoding=\"async\" width=\"768\" height=\"1024\" class=\"wp-block-cover__image-background wp-image-646\" alt=\"\" src=\"https:\/\/jardinerieduvallon.ch\/wordpress\/wp-content\/uploads\/2025\/11\/IMG_5252-768x1024.jpeg\" data-object-fit=\"cover\" srcset=\"https:\/\/jardinerieduvallon.ch\/wordpress\/wp-content\/uploads\/2025\/11\/IMG_5252-768x1024.jpeg 768w, https:\/\/jardinerieduvallon.ch\/wordpress\/wp-content\/uploads\/2025\/11\/IMG_5252-225x300.jpeg 225w, https:\/\/jardinerieduvallon.ch\/wordpress\/wp-content\/uploads\/2025\/11\/IMG_5252-1152x1536.jpeg 1152w, https:\/\/jardinerieduvallon.ch\/wordpress\/wp-content\/uploads\/2025\/11\/IMG_5252-1536x2048.jpeg 1536w, https:\/\/jardinerieduvallon.ch\/wordpress\/wp-content\/uploads\/2025\/11\/IMG_5252-scaled.jpeg 1920w\" sizes=\"(max-width: 767px) 89vw, (max-width: 1000px) 54vw, (max-width: 1071px) 543px, 580px\" \/><span aria-hidden=\"true\" class=\"wp-block-cover__background has-background-dim\"><\/span><div class=\"wp-block-cover__inner-container is-layout-flow wp-block-cover-is-layout-flow\">\n<p class=\"has-text-align-center has-large-font-size\">Venez d\u00e9couvrir notre nouveau pavillon de jardin \u00e0 Sonvilier<\/p>\n<\/div><\/div>\n\n\n\n<h5 class=\"wp-block-heading\"><strong>premium system<\/strong><\/h5>\n\n\n\n<figure class=\"wp-block-image\"><img loading=\"lazy\" decoding=\"async\" width=\"300\" height=\"219\" src=\"https:\/\/jardinerieduvallon.ch\/wordpress\/wp-content\/uploads\/2026\/07\/Image-28.07.26-a-11.17-300x219.png\" alt=\"\" class=\"wp-image-779\" srcset=\"https:\/\/jardinerieduvallon.ch\/wordpress\/wp-content\/uploads\/2026\/07\/Image-28.07.26-a-11.17-300x219.png 300w, https:\/\/jardinerieduvallon.ch\/wordpress\/wp-content\/uploads\/2026\/07\/Image-28.07.26-a-11.17-768x560.png 768w, https:\/\/jardinerieduvallon.ch\/wordpress\/wp-content\/uploads\/2026\/07\/Image-28.07.26-a-11.17.png 886w\" sizes=\"(max-width: 300px) 100vw, 300px\" \/><\/figure>\n\n\n\n<figure class=\"wp-block-image\"><img loading=\"lazy\" decoding=\"async\" width=\"300\" height=\"201\" src=\"https:\/\/jardinerieduvallon.ch\/wordpress\/wp-content\/uploads\/2026\/07\/Image-28.07.26-a-11.17-1-300x201.png\" alt=\"\" class=\"wp-image-780\" srcset=\"https:\/\/jardinerieduvallon.ch\/wordpress\/wp-content\/uploads\/2026\/07\/Image-28.07.26-a-11.17-1-300x201.png 300w, https:\/\/jardinerieduvallon.ch\/wordpress\/wp-content\/uploads\/2026\/07\/Image-28.07.26-a-11.17-1-768x514.png 768w, https:\/\/jardinerieduvallon.ch\/wordpress\/wp-content\/uploads\/2026\/07\/Image-28.07.26-a-11.17-1.png 848w\" sizes=\"(max-width: 300px) 100vw, 300px\" \/><\/figure>\n\n\n\n<p>&nbsp; &nbsp;<\/p>\n\n\n\n<h5 class=\"wp-block-heading\"><strong>pro system&nbsp;<\/strong><\/h5>\n\n\n\n<figure class=\"wp-block-image\"><img loading=\"lazy\" decoding=\"async\" width=\"300\" height=\"218\" src=\"https:\/\/jardinerieduvallon.ch\/wordpress\/wp-content\/uploads\/2026\/07\/Image-28.07.26-a-11.18-300x218.png\" alt=\"\" class=\"wp-image-781\" srcset=\"https:\/\/jardinerieduvallon.ch\/wordpress\/wp-content\/uploads\/2026\/07\/Image-28.07.26-a-11.18-300x218.png 300w, https:\/\/jardinerieduvallon.ch\/wordpress\/wp-content\/uploads\/2026\/07\/Image-28.07.26-a-11.18-768x559.png 768w, https:\/\/jardinerieduvallon.ch\/wordpress\/wp-content\/uploads\/2026\/07\/Image-28.07.26-a-11.18.png 844w\" sizes=\"(max-width: 300px) 100vw, 300px\" \/><\/figure>\n\n\n\n<figure class=\"wp-block-image\"><img loading=\"lazy\" decoding=\"async\" width=\"300\" height=\"167\" src=\"https:\/\/jardinerieduvallon.ch\/wordpress\/wp-content\/uploads\/2026\/07\/Image-28.07.26-a-11.18-1-300x167.png\" alt=\"\" class=\"wp-image-782\" srcset=\"https:\/\/jardinerieduvallon.ch\/wordpress\/wp-content\/uploads\/2026\/07\/Image-28.07.26-a-11.18-1-300x167.png 300w, https:\/\/jardinerieduvallon.ch\/wordpress\/wp-content\/uploads\/2026\/07\/Image-28.07.26-a-11.18-1-768x426.png 768w, https:\/\/jardinerieduvallon.ch\/wordpress\/wp-content\/uploads\/2026\/07\/Image-28.07.26-a-11.18-1.png 976w\" sizes=\"(max-width: 300px) 100vw, 300px\" \/><\/figure>\n\n\n\n<p><\/p>\n\n\n\n<h5 class=\"wp-block-heading\"><strong>prima system<\/strong><\/h5>\n\n\n\n<figure class=\"wp-block-image\"><img loading=\"lazy\" decoding=\"async\" width=\"300\" height=\"267\" src=\"https:\/\/jardinerieduvallon.ch\/wordpress\/wp-content\/uploads\/2026\/07\/Image-28.07.26-a-11.20-300x267.png\" alt=\"\" class=\"wp-image-783\" srcset=\"https:\/\/jardinerieduvallon.ch\/wordpress\/wp-content\/uploads\/2026\/07\/Image-28.07.26-a-11.20-300x267.png 300w, https:\/\/jardinerieduvallon.ch\/wordpress\/wp-content\/uploads\/2026\/07\/Image-28.07.26-a-11.20-768x684.png 768w, https:\/\/jardinerieduvallon.ch\/wordpress\/wp-content\/uploads\/2026\/07\/Image-28.07.26-a-11.20.png 968w\" sizes=\"(max-width: 300px) 100vw, 300px\" \/><\/figure>\n\n\n\n<figure class=\"wp-block-image\"><img loading=\"lazy\" decoding=\"async\" width=\"300\" height=\"177\" src=\"https:\/\/jardinerieduvallon.ch\/wordpress\/wp-content\/uploads\/2026\/07\/Image-28.07.26-a-11.28-300x177.png\" alt=\"\" class=\"wp-image-784\" srcset=\"https:\/\/jardinerieduvallon.ch\/wordpress\/wp-content\/uploads\/2026\/07\/Image-28.07.26-a-11.28-300x177.png 300w, https:\/\/jardinerieduvallon.ch\/wordpress\/wp-content\/uploads\/2026\/07\/Image-28.07.26-a-11.28-768x453.png 768w, https:\/\/jardinerieduvallon.ch\/wordpress\/wp-content\/uploads\/2026\/07\/Image-28.07.26-a-11.28.png 964w\" sizes=\"(max-width: 300px) 100vw, 300px\" \/><\/figure>\n\n\n\n<p><br><br><\/p>\n\n\n\n<h5 class=\"wp-block-heading\"><strong>&nbsp; &nbsp; &nbsp; <\/strong><\/h5>\n\n\n\n<h5 class=\"wp-block-heading\"><strong>&nbsp; &nbsp; &nbsp; &nbsp; &nbsp; &nbsp; &nbsp; &nbsp; &nbsp; &nbsp;Configurez le PAVILLON de vos r\u00eaves<\/strong><b>: <\/b><a href=\"https:\/\/lugarde-konfigurator.de\/?dealerToken=a557d254a88712b80939b99d306314ce\" target=\"_blank\" rel=\"noopener\"><i>Cabanons Lugarde<\/i><\/a>&nbsp; &nbsp; &nbsp; &nbsp; &nbsp; &nbsp; &nbsp; &nbsp; &nbsp; &nbsp; &nbsp; &nbsp; &nbsp; &nbsp; &nbsp; &nbsp; &nbsp; &nbsp; &nbsp; &nbsp; &nbsp; &nbsp; &nbsp;Trouvez l&rsquo;inspiration:&nbsp;<a href=\"https:\/\/www.lugarde.com\/de\/\" target=\"_blank\" rel=\"noopener\"><i>Lugarde (Allemand)<\/i><\/a><\/h5>\n\n\n\n<p><\/p>\n\n\n\n<p><\/p>\n","protected":false},"excerpt":{"rendered":"<p>premium system &nbsp; &nbsp; pro system&nbsp; prima system &nbsp; &nbsp; &nbsp; &nbsp; &nbsp; &nbsp; &nbsp; &nbsp; &nbsp; &nbsp; &nbsp; &nbsp; &nbsp;Configurez le PAVILLON de vos r\u00eaves: Cabanons Lugarde&nbsp; &nbsp; &nbsp; &nbsp; &nbsp; &nbsp; &nbsp; &nbsp; &nbsp; &nbsp; &nbsp; &nbsp; &nbsp; &nbsp; &nbsp; &nbsp; &nbsp; &nbsp; &nbsp; &nbsp; &nbsp; &nbsp; &nbsp;Trouvez l&rsquo;inspiration:&nbsp;Lugarde (Allemand)<\/p>\n","protected":false},"author":1,"featured_media":0,"parent":0,"menu_order":0,"comment_status":"closed","ping_status":"closed","template":"","meta":{"_monsterinsights_skip_tracking":false,"_monsterinsights_sitenote_active":false,"_monsterinsights_sitenote_note":"","_monsterinsights_sitenote_category":0,"footnotes":""},"class_list":["post-16","page","type-page","status-publish","hentry"],"yoast_head":"<!-- This site is optimized with the Yoast SEO plugin v23.2 - https:\/\/yoast.com\/wordpress\/plugins\/seo\/ -->\n<title>Cabanons de jardin Lugarde le cabanon de vos r\u00eaves.<\/title>\n<meta name=\"description\" content=\"Vente et montage de Cabanons de jardin Lugarde. Nous sommes l\u00e0 pour r\u00e9aliser le cabanon de vos r\u00eaves, Avec Lugarde, tout est possible\" \/>\n<meta name=\"robots\" content=\"index, follow, max-snippet:-1, max-image-preview:large, max-video-preview:-1\" \/>\n<link rel=\"canonical\" href=\"https:\/\/jardinerieduvallon.ch\/wordpress\/index.php\/cabanons-de-jardin-lugarde\/\" \/>\n<meta property=\"og:locale\" content=\"fr_FR\" \/>\n<meta property=\"og:type\" content=\"article\" \/>\n<meta property=\"og:title\" content=\"Cabanons de jardin Lugarde le cabanon de vos r\u00eaves.\" \/>\n<meta property=\"og:description\" content=\"Vente et montage de Cabanons de jardin Lugarde. Nous sommes l\u00e0 pour r\u00e9aliser le cabanon de vos r\u00eaves, Avec Lugarde, tout est possible\" \/>\n<meta property=\"og:url\" content=\"https:\/\/jardinerieduvallon.ch\/wordpress\/index.php\/cabanons-de-jardin-lugarde\/\" \/>\n<meta property=\"article:modified_time\" content=\"2026-08-22T08:01:41+00:00\" \/>\n<meta property=\"og:image\" content=\"https:\/\/jardinerieduvallon.ch\/wordpress\/wp-content\/uploads\/2026\/07\/1-1-819x1024.png\" \/>\n<meta name=\"twitter:card\" content=\"summary_large_image\" \/>\n<meta name=\"twitter:label1\" content=\"Dur\u00e9e de lecture estim\u00e9e\" \/>\n\t<meta name=\"twitter:data1\" content=\"3 minutes\" \/>\n<script type=\"application\/ld+json\" class=\"yoast-schema-graph\">{\"@context\":\"https:\/\/schema.org\",\"@graph\":[{\"@type\":\"WebPage\",\"@id\":\"https:\/\/jardinerieduvallon.ch\/wordpress\/index.php\/cabanons-de-jardin-lugarde\/\",\"url\":\"https:\/\/jardinerieduvallon.ch\/wordpress\/index.php\/cabanons-de-jardin-lugarde\/\",\"name\":\"Cabanons de jardin Lugarde le cabanon de vos r\u00eaves.\",\"isPartOf\":{\"@id\":\"https:\/\/jardinerieduvallon.ch\/wordpress\/#website\"},\"primaryImageOfPage\":{\"@id\":\"https:\/\/jardinerieduvallon.ch\/wordpress\/index.php\/cabanons-de-jardin-lugarde\/#primaryimage\"},\"image\":{\"@id\":\"https:\/\/jardinerieduvallon.ch\/wordpress\/index.php\/cabanons-de-jardin-lugarde\/#primaryimage\"},\"thumbnailUrl\":\"https:\/\/jardinerieduvallon.ch\/wordpress\/wp-content\/uploads\/2026\/07\/1-1-819x1024.png\",\"datePublished\":\"2020-01-30T10:32:55+00:00\",\"dateModified\":\"2026-08-22T08:01:41+00:00\",\"description\":\"Vente et montage de Cabanons de jardin Lugarde. Nous sommes l\u00e0 pour r\u00e9aliser le cabanon de vos r\u00eaves, Avec Lugarde, tout est possible\",\"breadcrumb\":{\"@id\":\"https:\/\/jardinerieduvallon.ch\/wordpress\/index.php\/cabanons-de-jardin-lugarde\/#breadcrumb\"},\"inLanguage\":\"fr-FR\",\"potentialAction\":[{\"@type\":\"ReadAction\",\"target\":[\"https:\/\/jardinerieduvallon.ch\/wordpress\/index.php\/cabanons-de-jardin-lugarde\/\"]}]},{\"@type\":\"ImageObject\",\"inLanguage\":\"fr-FR\",\"@id\":\"https:\/\/jardinerieduvallon.ch\/wordpress\/index.php\/cabanons-de-jardin-lugarde\/#primaryimage\",\"url\":\"https:\/\/jardinerieduvallon.ch\/wordpress\/wp-content\/uploads\/2026\/07\/1-1.png\",\"contentUrl\":\"https:\/\/jardinerieduvallon.ch\/wordpress\/wp-content\/uploads\/2026\/07\/1-1.png\",\"width\":1080,\"height\":1350},{\"@type\":\"BreadcrumbList\",\"@id\":\"https:\/\/jardinerieduvallon.ch\/wordpress\/index.php\/cabanons-de-jardin-lugarde\/#breadcrumb\",\"itemListElement\":[{\"@type\":\"ListItem\",\"position\":1,\"name\":\"Home\",\"item\":\"https:\/\/jardinerieduvallon.ch\/wordpress\/\"},{\"@type\":\"ListItem\",\"position\":2,\"name\":\"FAITES DE VOTRE JARDIN UN NOUVEL ESPACE DE VIE GR\u00c2CE \u00c0 NOS PAVILLONS DE JARDIN &#8211; LUGARDE\"}]},{\"@type\":\"WebSite\",\"@id\":\"https:\/\/jardinerieduvallon.ch\/wordpress\/#website\",\"url\":\"https:\/\/jardinerieduvallon.ch\/wordpress\/\",\"name\":\"\",\"description\":\"\",\"potentialAction\":[{\"@type\":\"SearchAction\",\"target\":{\"@type\":\"EntryPoint\",\"urlTemplate\":\"https:\/\/jardinerieduvallon.ch\/wordpress\/?s={search_term_string}\"},\"query-input\":\"required name=search_term_string\"}],\"inLanguage\":\"fr-FR\"}]}<\/script>\n<!-- \/ Yoast SEO plugin. -->","yoast_head_json":{"title":"Cabanons de jardin Lugarde le cabanon de vos r\u00eaves.","description":"Vente et montage de Cabanons de jardin Lugarde. Nous sommes l\u00e0 pour r\u00e9aliser le cabanon de vos r\u00eaves, Avec Lugarde, tout est possible","robots":{"index":"index","follow":"follow","max-snippet":"max-snippet:-1","max-image-preview":"max-image-preview:large","max-video-preview":"max-video-preview:-1"},"canonical":"https:\/\/jardinerieduvallon.ch\/wordpress\/index.php\/cabanons-de-jardin-lugarde\/","og_locale":"fr_FR","og_type":"article","og_title":"Cabanons de jardin Lugarde le cabanon de vos r\u00eaves.","og_description":"Vente et montage de Cabanons de jardin Lugarde. Nous sommes l\u00e0 pour r\u00e9aliser le cabanon de vos r\u00eaves, Avec Lugarde, tout est possible","og_url":"https:\/\/jardinerieduvallon.ch\/wordpress\/index.php\/cabanons-de-jardin-lugarde\/","article_modified_time":"2026-08-22T08:01:41+00:00","og_image":[{"url":"https:\/\/jardinerieduvallon.ch\/wordpress\/wp-content\/uploads\/2026\/07\/1-1-819x1024.png"}],"twitter_card":"summary_large_image","twitter_misc":{"Dur\u00e9e de lecture estim\u00e9e":"3 minutes"},"schema":{"@context":"https:\/\/schema.org","@graph":[{"@type":"WebPage","@id":"https:\/\/jardinerieduvallon.ch\/wordpress\/index.php\/cabanons-de-jardin-lugarde\/","url":"https:\/\/jardinerieduvallon.ch\/wordpress\/index.php\/cabanons-de-jardin-lugarde\/","name":"Cabanons de jardin Lugarde le cabanon de vos r\u00eaves.","isPartOf":{"@id":"https:\/\/jardinerieduvallon.ch\/wordpress\/#website"},"primaryImageOfPage":{"@id":"https:\/\/jardinerieduvallon.ch\/wordpress\/index.php\/cabanons-de-jardin-lugarde\/#primaryimage"},"image":{"@id":"https:\/\/jardinerieduvallon.ch\/wordpress\/index.php\/cabanons-de-jardin-lugarde\/#primaryimage"},"thumbnailUrl":"https:\/\/jardinerieduvallon.ch\/wordpress\/wp-content\/uploads\/2026\/07\/1-1-819x1024.png","datePublished":"2020-01-30T10:32:55+00:00","dateModified":"2026-08-22T08:01:41+00:00","description":"Vente et montage de Cabanons de jardin Lugarde. Nous sommes l\u00e0 pour r\u00e9aliser le cabanon de vos r\u00eaves, Avec Lugarde, tout est possible","breadcrumb":{"@id":"https:\/\/jardinerieduvallon.ch\/wordpress\/index.php\/cabanons-de-jardin-lugarde\/#breadcrumb"},"inLanguage":"fr-FR","potentialAction":[{"@type":"ReadAction","target":["https:\/\/jardinerieduvallon.ch\/wordpress\/index.php\/cabanons-de-jardin-lugarde\/"]}]},{"@type":"ImageObject","inLanguage":"fr-FR","@id":"https:\/\/jardinerieduvallon.ch\/wordpress\/index.php\/cabanons-de-jardin-lugarde\/#primaryimage","url":"https:\/\/jardinerieduvallon.ch\/wordpress\/wp-content\/uploads\/2026\/07\/1-1.png","contentUrl":"https:\/\/jardinerieduvallon.ch\/wordpress\/wp-content\/uploads\/2026\/07\/1-1.png","width":1080,"height":1350},{"@type":"BreadcrumbList","@id":"https:\/\/jardinerieduvallon.ch\/wordpress\/index.php\/cabanons-de-jardin-lugarde\/#breadcrumb","itemListElement":[{"@type":"ListItem","position":1,"name":"Home","item":"https:\/\/jardinerieduvallon.ch\/wordpress\/"},{"@type":"ListItem","position":2,"name":"FAITES DE VOTRE JARDIN UN NOUVEL ESPACE DE VIE GR\u00c2CE \u00c0 NOS PAVILLONS DE JARDIN &#8211; LUGARDE"}]},{"@type":"WebSite","@id":"https:\/\/jardinerieduvallon.ch\/wordpress\/#website","url":"https:\/\/jardinerieduvallon.ch\/wordpress\/","name":"","description":"","potentialAction":[{"@type":"SearchAction","target":{"@type":"EntryPoint","urlTemplate":"https:\/\/jardinerieduvallon.ch\/wordpress\/?s={search_term_string}"},"query-input":"required name=search_term_string"}],"inLanguage":"fr-FR"}]}},"_links":{"self":[{"href":"https:\/\/jardinerieduvallon.ch\/wordpress\/index.php\/wp-json\/wp\/v2\/pages\/16","targetHints":{"allow":["GET"]}}],"collection":[{"href":"https:\/\/jardinerieduvallon.ch\/wordpress\/index.php\/wp-json\/wp\/v2\/pages"}],"about":[{"href":"https:\/\/jardinerieduvallon.ch\/wordpress\/index.php\/wp-json\/wp\/v2\/types\/page"}],"author":[{"embeddable":true,"href":"https:\/\/jardinerieduvallon.ch\/wordpress\/index.php\/wp-json\/wp\/v2\/users\/1"}],"replies":[{"embeddable":true,"href":"https:\/\/jardinerieduvallon.ch\/wordpress\/index.php\/wp-json\/wp\/v2\/comments?post=16"}],"version-history":[{"count":41,"href":"https:\/\/jardinerieduvallon.ch\/wordpress\/index.php\/wp-json\/wp\/v2\/pages\/16\/revisions"}],"predecessor-version":[{"id":819,"href":"https:\/\/jardinerieduvallon.ch\/wordpress\/index.php\/wp-json\/wp\/v2\/pages\/16\/revisions\/819"}],"wp:attachment":[{"href":"https:\/\/jardinerieduvallon.ch\/wordpress\/index.php\/wp-json\/wp\/v2\/media?parent=16"}],"curies":[{"name":"wp","href":"https:\/\/api.w.org\/{rel}","templated":true}]}}