{"id":51,"date":"2020-03-07T21:22:19","date_gmt":"2020-03-07T21:22:19","guid":{"rendered":"http:\/\/jardinerieduvallon.ch\/wordpress\/?page_id=51"},"modified":"2026-08-15T14:18:42","modified_gmt":"2026-08-15T14:18:42","slug":"jardinerie-du-vallon-vente-de-decoration-fleurs-arbres-cabanons-de-jardin","status":"publish","type":"page","link":"https:\/\/jardinerieduvallon.ch\/wordpress\/","title":{"rendered":"Ev\u00e9nements &amp; actualit\u00e9s"},"content":{"rendered":"\n<figure class=\"wp-block-image size-large is-resized\"><img fetchpriority=\"high\" decoding=\"async\" width=\"576\" height=\"1024\" src=\"https:\/\/jardinerieduvallon.ch\/wordpress\/wp-content\/uploads\/2026\/08\/1-576x1024.png\" alt=\"\" class=\"wp-image-791\" style=\"width:576px;height:auto\" srcset=\"https:\/\/jardinerieduvallon.ch\/wordpress\/wp-content\/uploads\/2026\/08\/1-576x1024.png 576w, https:\/\/jardinerieduvallon.ch\/wordpress\/wp-content\/uploads\/2026\/08\/1-169x300.png 169w, https:\/\/jardinerieduvallon.ch\/wordpress\/wp-content\/uploads\/2026\/08\/1-768x1365.png 768w, https:\/\/jardinerieduvallon.ch\/wordpress\/wp-content\/uploads\/2026\/08\/1-864x1536.png 864w, https:\/\/jardinerieduvallon.ch\/wordpress\/wp-content\/uploads\/2026\/08\/1.png 1080w\" sizes=\"(max-width: 576px) 100vw, 576px\" \/><\/figure>\n\n\n\n<figure class=\"wp-block-image size-large\"><img decoding=\"async\" width=\"576\" height=\"1024\" src=\"https:\/\/jardinerieduvallon.ch\/wordpress\/wp-content\/uploads\/2026\/08\/5-576x1024.png\" alt=\"\" class=\"wp-image-792\" srcset=\"https:\/\/jardinerieduvallon.ch\/wordpress\/wp-content\/uploads\/2026\/08\/5-576x1024.png 576w, https:\/\/jardinerieduvallon.ch\/wordpress\/wp-content\/uploads\/2026\/08\/5-169x300.png 169w, https:\/\/jardinerieduvallon.ch\/wordpress\/wp-content\/uploads\/2026\/08\/5-768x1365.png 768w, https:\/\/jardinerieduvallon.ch\/wordpress\/wp-content\/uploads\/2026\/08\/5-864x1536.png 864w, https:\/\/jardinerieduvallon.ch\/wordpress\/wp-content\/uploads\/2026\/08\/5.png 1080w\" sizes=\"(max-width: 576px) 100vw, 576px\" \/><\/figure>\n\n\n\n<figure class=\"wp-block-image size-large\"><img decoding=\"async\" width=\"576\" height=\"1024\" src=\"https:\/\/jardinerieduvallon.ch\/wordpress\/wp-content\/uploads\/2026\/08\/8-576x1024.png\" alt=\"\" class=\"wp-image-794\" srcset=\"https:\/\/jardinerieduvallon.ch\/wordpress\/wp-content\/uploads\/2026\/08\/8-576x1024.png 576w, https:\/\/jardinerieduvallon.ch\/wordpress\/wp-content\/uploads\/2026\/08\/8-169x300.png 169w, https:\/\/jardinerieduvallon.ch\/wordpress\/wp-content\/uploads\/2026\/08\/8-768x1365.png 768w, https:\/\/jardinerieduvallon.ch\/wordpress\/wp-content\/uploads\/2026\/08\/8-864x1536.png 864w, https:\/\/jardinerieduvallon.ch\/wordpress\/wp-content\/uploads\/2026\/08\/8.png 1080w\" sizes=\"(max-width: 576px) 100vw, 576px\" \/><\/figure>\n\n\n\n<figure class=\"wp-block-image size-large\"><img loading=\"lazy\" decoding=\"async\" width=\"576\" height=\"1024\" src=\"https:\/\/jardinerieduvallon.ch\/wordpress\/wp-content\/uploads\/2026\/08\/Horaires-2-576x1024.png\" alt=\"\" class=\"wp-image-789\" srcset=\"https:\/\/jardinerieduvallon.ch\/wordpress\/wp-content\/uploads\/2026\/08\/Horaires-2-576x1024.png 576w, https:\/\/jardinerieduvallon.ch\/wordpress\/wp-content\/uploads\/2026\/08\/Horaires-2-169x300.png 169w, https:\/\/jardinerieduvallon.ch\/wordpress\/wp-content\/uploads\/2026\/08\/Horaires-2-768x1365.png 768w, https:\/\/jardinerieduvallon.ch\/wordpress\/wp-content\/uploads\/2026\/08\/Horaires-2-864x1536.png 864w, https:\/\/jardinerieduvallon.ch\/wordpress\/wp-content\/uploads\/2026\/08\/Horaires-2.png 1080w\" sizes=\"(max-width: 576px) 100vw, 576px\" \/><\/figure>\n\n\n\n\n\n<figure class=\"wp-block-image size-large\"><img loading=\"lazy\" decoding=\"async\" width=\"576\" height=\"1024\" src=\"https:\/\/jardinerieduvallon.ch\/wordpress\/wp-content\/uploads\/2025\/07\/1-1-576x1024.png\" alt=\"\" class=\"wp-image-610\" srcset=\"https:\/\/jardinerieduvallon.ch\/wordpress\/wp-content\/uploads\/2025\/07\/1-1-576x1024.png 576w, https:\/\/jardinerieduvallon.ch\/wordpress\/wp-content\/uploads\/2025\/07\/1-1-169x300.png 169w, https:\/\/jardinerieduvallon.ch\/wordpress\/wp-content\/uploads\/2025\/07\/1-1-768x1365.png 768w, https:\/\/jardinerieduvallon.ch\/wordpress\/wp-content\/uploads\/2025\/07\/1-1-864x1536.png 864w, https:\/\/jardinerieduvallon.ch\/wordpress\/wp-content\/uploads\/2025\/07\/1-1.png 1080w\" sizes=\"(max-width: 576px) 100vw, 576px\" \/><\/figure>\n\n\n\n<figure class=\"wp-block-image size-large\"><img loading=\"lazy\" decoding=\"async\" width=\"576\" height=\"1024\" src=\"https:\/\/jardinerieduvallon.ch\/wordpress\/wp-content\/uploads\/2025\/07\/2-576x1024.png\" alt=\"\" class=\"wp-image-608\" srcset=\"https:\/\/jardinerieduvallon.ch\/wordpress\/wp-content\/uploads\/2025\/07\/2-576x1024.png 576w, https:\/\/jardinerieduvallon.ch\/wordpress\/wp-content\/uploads\/2025\/07\/2-169x300.png 169w, https:\/\/jardinerieduvallon.ch\/wordpress\/wp-content\/uploads\/2025\/07\/2-768x1365.png 768w, https:\/\/jardinerieduvallon.ch\/wordpress\/wp-content\/uploads\/2025\/07\/2-864x1536.png 864w, https:\/\/jardinerieduvallon.ch\/wordpress\/wp-content\/uploads\/2025\/07\/2.png 1080w\" sizes=\"(max-width: 576px) 100vw, 576px\" \/><\/figure>\n\n\n\n<figure class=\"wp-block-embed is-type-wp-embed is-provider-bienvenue-chez-oyas-suisse-s-rl wp-block-embed-bienvenue-chez-oyas-suisse-s-rl\"><div class=\"wp-block-embed__wrapper\">\n<blockquote class=\"wp-embedded-content\" data-secret=\"oPa1RwatkQ\"><a href=\"https:\/\/oyas.ch\/actus\/\">Actus<\/a><\/blockquote><iframe class=\"wp-embedded-content\" sandbox=\"allow-scripts\" security=\"restricted\" style=\"position: absolute; visibility: hidden;\" title=\"\u00ab\u00a0Actus\u00a0\u00bb &#8212; Bienvenue chez Oyas-Suisse S\u00e0rl\" src=\"https:\/\/oyas.ch\/actus\/embed\/#?secret=60lqH41zw3#?secret=oPa1RwatkQ\" data-secret=\"oPa1RwatkQ\" width=\"525\" height=\"296\" frameborder=\"0\" marginwidth=\"0\" marginheight=\"0\" scrolling=\"no\"><\/iframe>\n<\/div><\/figure>\n\n\n\n<figure class=\"wp-block-image size-large\"><img loading=\"lazy\" decoding=\"async\" width=\"576\" height=\"1024\" src=\"https:\/\/jardinerieduvallon.ch\/wordpress\/wp-content\/uploads\/2025\/05\/information-576x1024.png\" alt=\"\" class=\"wp-image-583\" srcset=\"https:\/\/jardinerieduvallon.ch\/wordpress\/wp-content\/uploads\/2025\/05\/information-576x1024.png 576w, https:\/\/jardinerieduvallon.ch\/wordpress\/wp-content\/uploads\/2025\/05\/information-169x300.png 169w, https:\/\/jardinerieduvallon.ch\/wordpress\/wp-content\/uploads\/2025\/05\/information-768x1365.png 768w, https:\/\/jardinerieduvallon.ch\/wordpress\/wp-content\/uploads\/2025\/05\/information-864x1536.png 864w, https:\/\/jardinerieduvallon.ch\/wordpress\/wp-content\/uploads\/2025\/05\/information.png 1080w\" sizes=\"(max-width: 576px) 100vw, 576px\" \/><\/figure>\n\n\n\n<figure class=\"wp-block-gallery has-nested-images columns-default is-cropped wp-block-gallery-1 is-layout-flex wp-block-gallery-is-layout-flex\">\n<figure class=\"wp-block-image size-large\"><img loading=\"lazy\" decoding=\"async\" width=\"576\" height=\"1024\" data-id=\"574\" src=\"https:\/\/jardinerieduvallon.ch\/wordpress\/wp-content\/uploads\/2025\/03\/Story_-Habitat-Jardin_fevrier-2-576x1024.png\" alt=\"\" class=\"wp-image-574\" srcset=\"https:\/\/jardinerieduvallon.ch\/wordpress\/wp-content\/uploads\/2025\/03\/Story_-Habitat-Jardin_fevrier-2-576x1024.png 576w, https:\/\/jardinerieduvallon.ch\/wordpress\/wp-content\/uploads\/2025\/03\/Story_-Habitat-Jardin_fevrier-2-169x300.png 169w, https:\/\/jardinerieduvallon.ch\/wordpress\/wp-content\/uploads\/2025\/03\/Story_-Habitat-Jardin_fevrier-2-768x1365.png 768w, https:\/\/jardinerieduvallon.ch\/wordpress\/wp-content\/uploads\/2025\/03\/Story_-Habitat-Jardin_fevrier-2-864x1536.png 864w, https:\/\/jardinerieduvallon.ch\/wordpress\/wp-content\/uploads\/2025\/03\/Story_-Habitat-Jardin_fevrier-2.png 1080w\" sizes=\"(max-width: 576px) 100vw, 576px\" \/><\/figure>\n<\/figure>\n\n\n\n<figure class=\"wp-block-gallery has-nested-images columns-default is-cropped wp-block-gallery-2 is-layout-flex wp-block-gallery-is-layout-flex\"><\/figure>\n\n\n\n<div class=\"wp-block-cover aligncenter is-repeated wp-elements-72483f3eb63eb494af4d08d0dbc000f4 wp-duotone-unset-3\" style=\"min-height:233px;aspect-ratio:unset;\"><div class=\"wp-block-cover__image-background is-repeated\" style=\"background-position:36% 50%;background-image:url(https:\/\/jardinerieduvallon.ch\/wordpress\/wp-content\/uploads\/2024\/08\/IMG_8336-1024x683.jpg)\"><\/div><span aria-hidden=\"true\" class=\"wp-block-cover__background has-background-dim-20 has-background-dim wp-block-cover__gradient-background has-background-gradient has-pale-ocean-gradient-background\"><\/span><div class=\"wp-block-cover__inner-container is-layout-flow wp-block-cover-is-layout-flow\">\n<p class=\"has-text-align-center has-black-color has-text-color has-link-color has-large-font-size wp-elements-81291f590ac1fab1f77e81a32b0dea09\" style=\"line-height:0\"><strong>Nos horaires<\/strong><\/p>\n\n\n\n<p class=\"has-vivid-red-color has-text-color has-link-color wp-elements-275ce255256a27f8072df3f40a38ea10\" style=\"font-style:normal;font-weight:600;line-height:0.5\">Dimanche &amp; lundi\u00a0: \u00a0\u00a0\u00a0Ferm\u00e9 (dimanches  ouverts novembre\/d\u00e9cembre 10h00-16h00)<\/p>\n\n\n\n<p class=\"has-black-color has-text-color has-link-color wp-elements-436c839753d463632e313534bc1130c8\" style=\"font-style:normal;font-weight:600;line-height:0.5\">Mardi \u2013 vendredi&nbsp;: &nbsp;&nbsp;&nbsp;&nbsp;9h00 \u2013 12h00 \/ 14h00 \u2013 18h30<\/p>\n\n\n\n<p class=\"has-black-color has-text-color has-link-color wp-elements-010051b8a49dcf10cdec32ce7a549cc2\" style=\"font-style:normal;font-weight:600;line-height:0.5\">Samedi : &nbsp;&nbsp;&nbsp;&nbsp;&nbsp;&nbsp;&nbsp;&nbsp;&nbsp;&nbsp;&nbsp;&nbsp;&nbsp;&nbsp;&nbsp;&nbsp;&nbsp;&nbsp;&nbsp;&nbsp;&nbsp;&nbsp;&nbsp;&nbsp; 9h00 \u2013 17h00 non-stop<\/p>\n<\/div><\/div>\n\n\n\n<figure class=\"wp-block-gallery has-nested-images columns-default is-cropped wp-block-gallery-4 is-layout-flex wp-block-gallery-is-layout-flex\"><\/figure>\n\n\n\n<p class=\"has-text-align-center has-small-font-size\">079\/570 80 78 I <a href=\"mailto:info@jardinerieduvallon.ch\">info@jardinerieduvallon.ch<\/a> I Instagram &amp; Facebook : @jardinerieduvallon<\/p>\n\n\n\n<p><\/p>\n","protected":false},"excerpt":{"rendered":"<p>079\/570 80 78 I info@jardinerieduvallon.ch I Instagram &amp; Facebook : @jardinerieduvallon<\/p>\n","protected":false},"author":1,"featured_media":0,"parent":0,"menu_order":0,"comment_status":"closed","ping_status":"closed","template":"","meta":{"_monsterinsights_skip_tracking":false,"_monsterinsights_sitenote_active":false,"_monsterinsights_sitenote_note":"","_monsterinsights_sitenote_category":0,"footnotes":""},"class_list":["post-51","page","type-page","status-publish","hentry"],"yoast_head":"<!-- This site is optimized with the Yoast SEO plugin v23.2 - https:\/\/yoast.com\/wordpress\/plugins\/seo\/ -->\n<title>Ev\u00e9nements &amp; actualit\u00e9s, Un espace de tranquilit\u00e9 rempli de d\u00e9corations<\/title>\n<meta name=\"description\" content=\"Vente de d\u00e9corations, fleurs, arbres, La Jardinerie du Vallon est un espace de tranquilit\u00e9. Vous pourrez aussi trouver le cabanon de vos r\u00eaves\" \/>\n<meta name=\"robots\" content=\"index, follow, max-snippet:-1, max-image-preview:large, max-video-preview:-1\" \/>\n<link rel=\"canonical\" href=\"https:\/\/jardinerieduvallon.ch\/wordpress\/\" \/>\n<meta property=\"og:locale\" content=\"fr_FR\" \/>\n<meta property=\"og:type\" content=\"article\" \/>\n<meta property=\"og:title\" content=\"Ev\u00e9nements &amp; actualit\u00e9s, Un espace de tranquilit\u00e9 rempli de d\u00e9corations\" \/>\n<meta property=\"og:description\" content=\"Vente de d\u00e9corations, fleurs, arbres, La Jardinerie du Vallon est un espace de tranquilit\u00e9. Vous pourrez aussi trouver le cabanon de vos r\u00eaves\" \/>\n<meta property=\"og:url\" content=\"https:\/\/jardinerieduvallon.ch\/wordpress\/\" \/>\n<meta property=\"article:modified_time\" content=\"2026-08-15T14:18:42+00:00\" \/>\n<meta property=\"og:image\" content=\"https:\/\/jardinerieduvallon.ch\/wordpress\/wp-content\/uploads\/2026\/08\/1-576x1024.png\" \/>\n<meta name=\"twitter:card\" content=\"summary_large_image\" \/>\n<meta name=\"twitter:label1\" content=\"Dur\u00e9e de lecture estim\u00e9e\" \/>\n\t<meta name=\"twitter:data1\" content=\"2 minutes\" \/>\n<script type=\"application\/ld+json\" class=\"yoast-schema-graph\">{\"@context\":\"https:\/\/schema.org\",\"@graph\":[{\"@type\":\"WebPage\",\"@id\":\"https:\/\/jardinerieduvallon.ch\/wordpress\/\",\"url\":\"https:\/\/jardinerieduvallon.ch\/wordpress\/\",\"name\":\"Ev\u00e9nements &amp; actualit\u00e9s, Un espace de tranquilit\u00e9 rempli de d\u00e9corations\",\"isPartOf\":{\"@id\":\"https:\/\/jardinerieduvallon.ch\/wordpress\/#website\"},\"primaryImageOfPage\":{\"@id\":\"https:\/\/jardinerieduvallon.ch\/wordpress\/#primaryimage\"},\"image\":{\"@id\":\"https:\/\/jardinerieduvallon.ch\/wordpress\/#primaryimage\"},\"thumbnailUrl\":\"https:\/\/jardinerieduvallon.ch\/wordpress\/wp-content\/uploads\/2026\/08\/1-576x1024.png\",\"datePublished\":\"2020-03-07T21:22:19+00:00\",\"dateModified\":\"2026-08-15T14:18:42+00:00\",\"description\":\"Vente de d\u00e9corations, fleurs, arbres, La Jardinerie du Vallon est un espace de tranquilit\u00e9. Vous pourrez aussi trouver le cabanon de vos r\u00eaves\",\"breadcrumb\":{\"@id\":\"https:\/\/jardinerieduvallon.ch\/wordpress\/#breadcrumb\"},\"inLanguage\":\"fr-FR\",\"potentialAction\":[{\"@type\":\"ReadAction\",\"target\":[\"https:\/\/jardinerieduvallon.ch\/wordpress\/\"]}]},{\"@type\":\"ImageObject\",\"inLanguage\":\"fr-FR\",\"@id\":\"https:\/\/jardinerieduvallon.ch\/wordpress\/#primaryimage\",\"url\":\"https:\/\/jardinerieduvallon.ch\/wordpress\/wp-content\/uploads\/2026\/08\/1.png\",\"contentUrl\":\"https:\/\/jardinerieduvallon.ch\/wordpress\/wp-content\/uploads\/2026\/08\/1.png\",\"width\":1080,\"height\":1920},{\"@type\":\"BreadcrumbList\",\"@id\":\"https:\/\/jardinerieduvallon.ch\/wordpress\/#breadcrumb\",\"itemListElement\":[{\"@type\":\"ListItem\",\"position\":1,\"name\":\"Home\",\"item\":\"https:\/\/jardinerieduvallon.ch\/wordpress\/\"},{\"@type\":\"ListItem\",\"position\":2,\"name\":\"Ev\u00e9nements &amp; actualit\u00e9s\"}]},{\"@type\":\"WebSite\",\"@id\":\"https:\/\/jardinerieduvallon.ch\/wordpress\/#website\",\"url\":\"https:\/\/jardinerieduvallon.ch\/wordpress\/\",\"name\":\"\",\"description\":\"\",\"potentialAction\":[{\"@type\":\"SearchAction\",\"target\":{\"@type\":\"EntryPoint\",\"urlTemplate\":\"https:\/\/jardinerieduvallon.ch\/wordpress\/?s={search_term_string}\"},\"query-input\":\"required name=search_term_string\"}],\"inLanguage\":\"fr-FR\"}]}<\/script>\n<!-- \/ Yoast SEO plugin. -->","yoast_head_json":{"title":"Ev\u00e9nements &amp; actualit\u00e9s, Un espace de tranquilit\u00e9 rempli de d\u00e9corations","description":"Vente de d\u00e9corations, fleurs, arbres, La Jardinerie du Vallon est un espace de tranquilit\u00e9. Vous pourrez aussi trouver le cabanon de vos r\u00eaves","robots":{"index":"index","follow":"follow","max-snippet":"max-snippet:-1","max-image-preview":"max-image-preview:large","max-video-preview":"max-video-preview:-1"},"canonical":"https:\/\/jardinerieduvallon.ch\/wordpress\/","og_locale":"fr_FR","og_type":"article","og_title":"Ev\u00e9nements &amp; actualit\u00e9s, Un espace de tranquilit\u00e9 rempli de d\u00e9corations","og_description":"Vente de d\u00e9corations, fleurs, arbres, La Jardinerie du Vallon est un espace de tranquilit\u00e9. Vous pourrez aussi trouver le cabanon de vos r\u00eaves","og_url":"https:\/\/jardinerieduvallon.ch\/wordpress\/","article_modified_time":"2026-08-15T14:18:42+00:00","og_image":[{"url":"https:\/\/jardinerieduvallon.ch\/wordpress\/wp-content\/uploads\/2026\/08\/1-576x1024.png"}],"twitter_card":"summary_large_image","twitter_misc":{"Dur\u00e9e de lecture estim\u00e9e":"2 minutes"},"schema":{"@context":"https:\/\/schema.org","@graph":[{"@type":"WebPage","@id":"https:\/\/jardinerieduvallon.ch\/wordpress\/","url":"https:\/\/jardinerieduvallon.ch\/wordpress\/","name":"Ev\u00e9nements &amp; actualit\u00e9s, Un espace de tranquilit\u00e9 rempli de d\u00e9corations","isPartOf":{"@id":"https:\/\/jardinerieduvallon.ch\/wordpress\/#website"},"primaryImageOfPage":{"@id":"https:\/\/jardinerieduvallon.ch\/wordpress\/#primaryimage"},"image":{"@id":"https:\/\/jardinerieduvallon.ch\/wordpress\/#primaryimage"},"thumbnailUrl":"https:\/\/jardinerieduvallon.ch\/wordpress\/wp-content\/uploads\/2026\/08\/1-576x1024.png","datePublished":"2020-03-07T21:22:19+00:00","dateModified":"2026-08-15T14:18:42+00:00","description":"Vente de d\u00e9corations, fleurs, arbres, La Jardinerie du Vallon est un espace de tranquilit\u00e9. Vous pourrez aussi trouver le cabanon de vos r\u00eaves","breadcrumb":{"@id":"https:\/\/jardinerieduvallon.ch\/wordpress\/#breadcrumb"},"inLanguage":"fr-FR","potentialAction":[{"@type":"ReadAction","target":["https:\/\/jardinerieduvallon.ch\/wordpress\/"]}]},{"@type":"ImageObject","inLanguage":"fr-FR","@id":"https:\/\/jardinerieduvallon.ch\/wordpress\/#primaryimage","url":"https:\/\/jardinerieduvallon.ch\/wordpress\/wp-content\/uploads\/2026\/08\/1.png","contentUrl":"https:\/\/jardinerieduvallon.ch\/wordpress\/wp-content\/uploads\/2026\/08\/1.png","width":1080,"height":1920},{"@type":"BreadcrumbList","@id":"https:\/\/jardinerieduvallon.ch\/wordpress\/#breadcrumb","itemListElement":[{"@type":"ListItem","position":1,"name":"Home","item":"https:\/\/jardinerieduvallon.ch\/wordpress\/"},{"@type":"ListItem","position":2,"name":"Ev\u00e9nements &amp; actualit\u00e9s"}]},{"@type":"WebSite","@id":"https:\/\/jardinerieduvallon.ch\/wordpress\/#website","url":"https:\/\/jardinerieduvallon.ch\/wordpress\/","name":"","description":"","potentialAction":[{"@type":"SearchAction","target":{"@type":"EntryPoint","urlTemplate":"https:\/\/jardinerieduvallon.ch\/wordpress\/?s={search_term_string}"},"query-input":"required name=search_term_string"}],"inLanguage":"fr-FR"}]}},"_links":{"self":[{"href":"https:\/\/jardinerieduvallon.ch\/wordpress\/index.php\/wp-json\/wp\/v2\/pages\/51","targetHints":{"allow":["GET"]}}],"collection":[{"href":"https:\/\/jardinerieduvallon.ch\/wordpress\/index.php\/wp-json\/wp\/v2\/pages"}],"about":[{"href":"https:\/\/jardinerieduvallon.ch\/wordpress\/index.php\/wp-json\/wp\/v2\/types\/page"}],"author":[{"embeddable":true,"href":"https:\/\/jardinerieduvallon.ch\/wordpress\/index.php\/wp-json\/wp\/v2\/users\/1"}],"replies":[{"embeddable":true,"href":"https:\/\/jardinerieduvallon.ch\/wordpress\/index.php\/wp-json\/wp\/v2\/comments?post=51"}],"version-history":[{"count":93,"href":"https:\/\/jardinerieduvallon.ch\/wordpress\/index.php\/wp-json\/wp\/v2\/pages\/51\/revisions"}],"predecessor-version":[{"id":795,"href":"https:\/\/jardinerieduvallon.ch\/wordpress\/index.php\/wp-json\/wp\/v2\/pages\/51\/revisions\/795"}],"wp:attachment":[{"href":"https:\/\/jardinerieduvallon.ch\/wordpress\/index.php\/wp-json\/wp\/v2\/media?parent=51"}],"curies":[{"name":"wp","href":"https:\/\/api.w.org\/{rel}","templated":true}]}}